{"id":1996,"date":"2022-10-31T10:35:15","date_gmt":"2022-10-31T09:35:15","guid":{"rendered":"https:\/\/chauffagiste-de-lille.com\/?page_id=1996"},"modified":"2022-11-01T17:05:21","modified_gmt":"2022-11-01T16:05:21","slug":"climatisation","status":"publish","type":"page","link":"https:\/\/chauffagiste-de-lille.com\/climatisation\/","title":{"rendered":"Climatisation"},"content":{"rendered":"\t\t<div data-elementor-type=\"wp-page\" data-elementor-id=\"1996\" class=\"elementor elementor-1996\" data-elementor-settings=\"[]\">\n\t\t\t\t\t\t<div class=\"elementor-inner\">\n\t\t\t\t\t\t\t<div class=\"elementor-section-wrap\">\n\t\t\t\t\t\t\t<section class=\"elementor-section elementor-top-section elementor-element elementor-element-49c8f173 elementor-section-full_width elementor-section-height-min-height elementor-section-stretched elementor-section-height-default elementor-section-items-middle\" data-id=\"49c8f173\" data-element_type=\"section\" data-settings=\"{&quot;background_background&quot;:&quot;classic&quot;,&quot;stretch_section&quot;:&quot;section-stretched&quot;}\">\n\t\t\t\t\t\t\t<div class=\"elementor-background-overlay\"><\/div>\n\t\t\t\t\t\t\t<div class=\"elementor-container elementor-column-gap-default\">\n\t\t\t\t\t\t\t<div class=\"elementor-row\">\n\t\t\t\t\t<div class=\"elementor-column elementor-col-100 elementor-top-column elementor-element elementor-element-58776221\" data-id=\"58776221\" data-element_type=\"column\">\n\t\t\t<div class=\"elementor-column-wrap elementor-element-populated\">\n\t\t\t\t\t\t\t<div class=\"elementor-widget-wrap\">\n\t\t\t\t\t\t<section class=\"elementor-section elementor-inner-section elementor-element elementor-element-7db64ebc elementor-section-boxed elementor-section-height-default elementor-section-height-default\" data-id=\"7db64ebc\" data-element_type=\"section\">\n\t\t\t\t\t\t<div class=\"elementor-container elementor-column-gap-default\">\n\t\t\t\t\t\t\t<div class=\"elementor-row\">\n\t\t\t\t\t<div class=\"elementor-column elementor-col-100 elementor-inner-column elementor-element elementor-element-19d9d5ab\" data-id=\"19d9d5ab\" data-element_type=\"column\">\n\t\t\t<div class=\"elementor-column-wrap elementor-element-populated\">\n\t\t\t\t\t\t\t<div class=\"elementor-widget-wrap\">\n\t\t\t\t\t\t\t\t<\/div>\n\t\t\t\t\t<\/div>\n\t\t<\/div>\n\t\t\t\t\t\t\t\t<\/div>\n\t\t\t\t\t<\/div>\n\t\t<\/section>\n\t\t\t\t\t\t<\/div>\n\t\t\t\t\t<\/div>\n\t\t<\/div>\n\t\t\t\t\t\t\t\t<\/div>\n\t\t\t\t\t<\/div>\n\t\t<\/section>\n\t\t\t\t<section class=\"elementor-section elementor-top-section elementor-element elementor-element-6087755b elementor-section-stretched elementor-section-boxed elementor-section-height-default elementor-section-height-default\" data-id=\"6087755b\" data-element_type=\"section\" data-settings=\"{&quot;background_background&quot;:&quot;classic&quot;,&quot;stretch_section&quot;:&quot;section-stretched&quot;}\">\n\t\t\t\t\t\t\t<div class=\"elementor-background-overlay\"><\/div>\n\t\t\t\t\t\t\t<div class=\"elementor-container elementor-column-gap-default\">\n\t\t\t\t\t\t\t<div class=\"elementor-row\">\n\t\t\t\t\t<div class=\"elementor-column elementor-col-100 elementor-top-column elementor-element elementor-element-32631e9f\" data-id=\"32631e9f\" data-element_type=\"column\">\n\t\t\t<div class=\"elementor-column-wrap elementor-element-populated\">\n\t\t\t\t\t\t\t<div class=\"elementor-widget-wrap\">\n\t\t\t\t\t\t<div class=\"elementor-element elementor-element-23875c4 elementor-widget elementor-widget-menu-anchor\" data-id=\"23875c4\" data-element_type=\"widget\" data-widget_type=\"menu-anchor.default\">\n\t\t\t\t<div class=\"elementor-widget-container\">\n\t\t\t\t\t<div id=\"ctn\" class=\"elementor-menu-anchor\"><\/div>\n\t\t\t\t<\/div>\n\t\t\t\t<\/div>\n\t\t\t\t<div class=\"elementor-element elementor-element-23473146 elementor-widget elementor-widget-menu-anchor\" data-id=\"23473146\" data-element_type=\"widget\" data-widget_type=\"menu-anchor.default\">\n\t\t\t\t<div class=\"elementor-widget-container\">\n\t\t\t\t\t<div id=\"ctn\" class=\"elementor-menu-anchor\"><\/div>\n\t\t\t\t<\/div>\n\t\t\t\t<\/div>\n\t\t\t\t<div class=\"elementor-element elementor-element-1ef22533 elementor-widget elementor-widget-menu-anchor\" data-id=\"1ef22533\" data-element_type=\"widget\" data-widget_type=\"menu-anchor.default\">\n\t\t\t\t<div class=\"elementor-widget-container\">\n\t\t\t\t\t<div class=\"elementor-menu-anchor\"><\/div>\n\t\t\t\t<\/div>\n\t\t\t\t<\/div>\n\t\t\t\t<div class=\"elementor-element elementor-element-438a22b7 elementor-widget elementor-widget-menu-anchor\" data-id=\"438a22b7\" data-element_type=\"widget\" data-widget_type=\"menu-anchor.default\">\n\t\t\t\t<div class=\"elementor-widget-container\">\n\t\t\t\t\t<div id=\"ctn\" class=\"elementor-menu-anchor\"><\/div>\n\t\t\t\t<\/div>\n\t\t\t\t<\/div>\n\t\t\t\t<div class=\"elementor-element elementor-element-38a2ed09 animated-slow elementor-invisible elementor-widget elementor-widget-heading\" data-id=\"38a2ed09\" data-element_type=\"widget\" data-settings=\"{&quot;_animation&quot;:&quot;fadeInUp&quot;}\" data-widget_type=\"heading.default\">\n\t\t\t\t<div class=\"elementor-widget-container\">\n\t\t\t<h1 class=\"elementor-heading-title elementor-size-default\">Optez pour des prestations de qualit\u00e9 dans l\u2019installation de votre climatisation \u00e0 La Chapelle-d'Armenti\u00e8res<\/h1>\t\t<\/div>\n\t\t\t\t<\/div>\n\t\t\t\t<div class=\"elementor-element elementor-element-6db5e7e elementor-widget-divider--view-line elementor-widget elementor-widget-divider\" data-id=\"6db5e7e\" data-element_type=\"widget\" data-widget_type=\"divider.default\">\n\t\t\t\t<div class=\"elementor-widget-container\">\n\t\t\t\t\t<div class=\"elementor-divider\">\n\t\t\t<span class=\"elementor-divider-separator\">\n\t\t\t\t\t\t<\/span>\n\t\t<\/div>\n\t\t\t\t<\/div>\n\t\t\t\t<\/div>\n\t\t\t\t<div class=\"elementor-element elementor-element-7df80862 elementor-widget elementor-widget-text-editor\" data-id=\"7df80862\" data-element_type=\"widget\" id=\"txt\" data-widget_type=\"text-editor.default\">\n\t\t\t\t<div class=\"elementor-widget-container\">\n\t\t\t\t\t\t\t\t<div class=\"elementor-text-editor elementor-clearfix\">\n\t\t\t\t<p>Sp\u00e9cialis\u00e9s dans l\u2019installation d\u2019une climatisation \u00e0 La Chapelle-d&#8217;Armenti\u00e8res et ses alentours, nous sommes \u00e0 votre disposition si vous souhaitez mettre en place un syst\u00e8me de climatisation adapt\u00e9 aux contraintes de votre local.<\/p><p><\/p><p>S&#8217;appuyant sur le professionnalisme de notre <a href=\"https:\/\/chauffagiste-de-lille.com\/\"><strong>plombier chauffagiste \u00e0 La Chapelle-d&#8217;Armenti\u00e8res<\/strong><\/a>, nous pouvons \u00e9galement remettre en marche votre syst\u00e8me de climatisation en panne, peu importe sa marque.<\/p>\t\t\t\t\t<\/div>\n\t\t\t\t\t\t<\/div>\n\t\t\t\t<\/div>\n\t\t\t\t\t\t<\/div>\n\t\t\t\t\t<\/div>\n\t\t<\/div>\n\t\t\t\t\t\t\t\t<\/div>\n\t\t\t\t\t<\/div>\n\t\t<\/section>\n\t\t\t\t<section class=\"elementor-section elementor-top-section elementor-element elementor-element-8d12438 elementor-section-content-middle elementor-section-stretched elementor-reverse-mobile elementor-section-boxed elementor-section-height-default elementor-section-height-default\" data-id=\"8d12438\" data-element_type=\"section\" data-settings=\"{&quot;stretch_section&quot;:&quot;section-stretched&quot;,&quot;background_background&quot;:&quot;classic&quot;}\">\n\t\t\t\t\t\t<div class=\"elementor-container elementor-column-gap-default\">\n\t\t\t\t\t\t\t<div class=\"elementor-row\">\n\t\t\t\t\t<div class=\"elementor-column elementor-col-50 elementor-top-column elementor-element elementor-element-37a8a65b animated-slow elementor-invisible\" data-id=\"37a8a65b\" data-element_type=\"column\" data-settings=\"{&quot;animation&quot;:&quot;fadeInLeft&quot;}\">\n\t\t\t<div class=\"elementor-column-wrap elementor-element-populated\">\n\t\t\t\t\t\t\t<div class=\"elementor-widget-wrap\">\n\t\t\t\t\t\t<div class=\"elementor-element elementor-element-391bcd61 elementor-widget elementor-widget-image\" data-id=\"391bcd61\" data-element_type=\"widget\" data-widget_type=\"image.default\">\n\t\t\t\t<div class=\"elementor-widget-container\">\n\t\t\t\t\t\t\t\t<div class=\"elementor-image\">\n\t\t\t\t\t\t\t\t\t\t\t\t<img width=\"700\" height=\"500\" src=\"https:\/\/chauffagiste-de-lille.com\/wp-content\/uploads\/2022\/11\/mg14.jpg\" class=\"attachment-large size-large\" alt=\"\" srcset=\"https:\/\/chauffagiste-de-lille.com\/wp-content\/uploads\/2022\/11\/mg14.jpg 700w, https:\/\/chauffagiste-de-lille.com\/wp-content\/uploads\/2022\/11\/mg14-600x429.jpg 600w, https:\/\/chauffagiste-de-lille.com\/wp-content\/uploads\/2022\/11\/mg14-300x214.jpg 300w\" sizes=\"(max-width: 700px) 100vw, 700px\" \/>\t\t\t\t\t\t\t\t\t\t\t\t\t\t<\/div>\n\t\t\t\t\t\t<\/div>\n\t\t\t\t<\/div>\n\t\t\t\t\t\t<\/div>\n\t\t\t\t\t<\/div>\n\t\t<\/div>\n\t\t\t\t<div class=\"elementor-column elementor-col-50 elementor-top-column elementor-element elementor-element-1eb33f92 animated-slow\" data-id=\"1eb33f92\" data-element_type=\"column\" data-settings=\"{&quot;animation&quot;:&quot;none&quot;}\">\n\t\t\t<div class=\"elementor-column-wrap elementor-element-populated\">\n\t\t\t\t\t\t\t<div class=\"elementor-widget-wrap\">\n\t\t\t\t\t\t<div class=\"elementor-element elementor-element-911ab6c animated-slow elementor-invisible elementor-widget elementor-widget-heading\" data-id=\"911ab6c\" data-element_type=\"widget\" data-settings=\"{&quot;_animation&quot;:&quot;fadeInRight&quot;}\" data-widget_type=\"heading.default\">\n\t\t\t\t<div class=\"elementor-widget-container\">\n\t\t\t<h2 class=\"elementor-heading-title elementor-size-default\">Installation des syst\u00e8mes de climatisation<\/h2>\t\t<\/div>\n\t\t\t\t<\/div>\n\t\t\t\t<div class=\"elementor-element elementor-element-7ffc651e elementor-widget elementor-widget-text-editor\" data-id=\"7ffc651e\" data-element_type=\"widget\" data-widget_type=\"text-editor.default\">\n\t\t\t\t<div class=\"elementor-widget-container\">\n\t\t\t\t\t\t\t\t<div class=\"elementor-text-editor elementor-clearfix\">\n\t\t\t\t<p>Dans le but de vous offrir des solutions pour garantir votre confort thermique durant les saisons estivales, nous sommes capables de vous accompagner dans vos travaux de climatisation pr\u00e8s de Lambersart.<\/p><p><\/p><p>Peu importe le mod\u00e8le de votre climatiseur, nous prenons en charge la mise en place de tous les dispositifs \u00e0 savoir, le compresseur, le condenseur et l\u2019\u00e9vaporateur. Nous d\u00e9terminons l\u2019emplacement id\u00e9al de chaque \u00e9l\u00e9ment et nous assurons leur fixation solide pour \u00e9viter les vibrations et les bruits lors du fonctionnement.<\/p><p><\/p><p>Une fois les \u00e9l\u00e9ments install\u00e9s et les raccords branch\u00e9s, nous r\u00e9alisons durant nos travaux de mise en service de votre climatisation pr\u00e8s de Bailleul, un contr\u00f4le de tous les composants pour s\u2019assurer qu\u2019ils fonctionnent correctement sans fuites ou pertes d\u2019\u00e9nergie.<\/p>\t\t\t\t\t<\/div>\n\t\t\t\t\t\t<\/div>\n\t\t\t\t<\/div>\n\t\t\t\t\t\t<\/div>\n\t\t\t\t\t<\/div>\n\t\t<\/div>\n\t\t\t\t\t\t\t\t<\/div>\n\t\t\t\t\t<\/div>\n\t\t<\/section>\n\t\t\t\t<section class=\"elementor-section elementor-top-section elementor-element elementor-element-79f0f29c elementor-section-content-middle elementor-section-stretched elementor-section-boxed elementor-section-height-default elementor-section-height-default\" data-id=\"79f0f29c\" data-element_type=\"section\" data-settings=\"{&quot;stretch_section&quot;:&quot;section-stretched&quot;,&quot;background_background&quot;:&quot;classic&quot;}\">\n\t\t\t\t\t\t<div class=\"elementor-container elementor-column-gap-default\">\n\t\t\t\t\t\t\t<div class=\"elementor-row\">\n\t\t\t\t\t<div class=\"elementor-column elementor-col-50 elementor-top-column elementor-element elementor-element-4f49f5e1 animated-slow\" data-id=\"4f49f5e1\" data-element_type=\"column\" data-settings=\"{&quot;animation&quot;:&quot;none&quot;}\">\n\t\t\t<div class=\"elementor-column-wrap elementor-element-populated\">\n\t\t\t\t\t\t\t<div class=\"elementor-widget-wrap\">\n\t\t\t\t\t\t<div class=\"elementor-element elementor-element-6d99198a animated-slow elementor-invisible elementor-widget elementor-widget-heading\" data-id=\"6d99198a\" data-element_type=\"widget\" data-settings=\"{&quot;_animation&quot;:&quot;fadeInLeft&quot;}\" data-widget_type=\"heading.default\">\n\t\t\t\t<div class=\"elementor-widget-container\">\n\t\t\t<h2 class=\"elementor-heading-title elementor-size-default\">R\u00e9paration des syst\u00e8mes de climatisation<\/h2>\t\t<\/div>\n\t\t\t\t<\/div>\n\t\t\t\t<div class=\"elementor-element elementor-element-5184853e elementor-widget elementor-widget-text-editor\" data-id=\"5184853e\" data-element_type=\"widget\" data-widget_type=\"text-editor.default\">\n\t\t\t\t<div class=\"elementor-widget-container\">\n\t\t\t\t\t\t\t\t<div class=\"elementor-text-editor elementor-clearfix\">\n\t\t\t\t<p>Habilit\u00e9s \u00e0 effectuer les travaux d\u2019entretien de climatisation pr\u00e8s de Lambersart, de Bailleul et d\u2019Armenti\u00e8res, nous mettons tout en \u0153uvre pour restaurer l\u2019\u00e9tat id\u00e9al de votre climatiseur, quel que soit son mod\u00e8le.<\/p><p><\/p><p>Ce service de r\u00e9paration de votre climatisation pr\u00e8s de Lambersart est d\u00e9di\u00e9 \u00e0 toutes les pannes, comme les surchauffes, les arr\u00eats brusques, les ruissellements, etc. Nous intervenons \u00e9galement si votre climatiseur ne souffle plus d\u2019air froid ou s&#8217;il fait sortir des bruits anormaux ou des odeurs.<\/p><p><\/p><p>Capables de r\u00e9aliser au mieux les interventions de d\u00e9pannage pour la climatisation pr\u00e8s de Bailleul , nous pouvons effectuer un diagnostic minutieux de votre climatiseur permettant de d\u00e9terminer la pi\u00e8ce ou le circuit d\u00e9fectueux. Nous pouvons enlever soigneusement et changer les \u00e9l\u00e9ments d\u00e9fectueux \u00e0 savoir les filtres, le circuit d\u2019alimentation, le condensateur, etc.<\/p>\t\t\t\t\t<\/div>\n\t\t\t\t\t\t<\/div>\n\t\t\t\t<\/div>\n\t\t\t\t\t\t<\/div>\n\t\t\t\t\t<\/div>\n\t\t<\/div>\n\t\t\t\t<div class=\"elementor-column elementor-col-50 elementor-top-column elementor-element elementor-element-62ffc60d animated-slow elementor-invisible\" data-id=\"62ffc60d\" data-element_type=\"column\" data-settings=\"{&quot;animation&quot;:&quot;fadeInRight&quot;}\">\n\t\t\t<div class=\"elementor-column-wrap elementor-element-populated\">\n\t\t\t\t\t\t\t<div class=\"elementor-widget-wrap\">\n\t\t\t\t\t\t<div class=\"elementor-element elementor-element-191df2bf elementor-widget elementor-widget-image\" data-id=\"191df2bf\" data-element_type=\"widget\" data-widget_type=\"image.default\">\n\t\t\t\t<div class=\"elementor-widget-container\">\n\t\t\t\t\t\t\t\t<div class=\"elementor-image\">\n\t\t\t\t\t\t\t\t\t\t\t\t<img width=\"700\" height=\"500\" src=\"https:\/\/chauffagiste-de-lille.com\/wp-content\/uploads\/2022\/11\/mg13.jpg\" class=\"attachment-large size-large\" alt=\"\" srcset=\"https:\/\/chauffagiste-de-lille.com\/wp-content\/uploads\/2022\/11\/mg13.jpg 700w, https:\/\/chauffagiste-de-lille.com\/wp-content\/uploads\/2022\/11\/mg13-600x429.jpg 600w, https:\/\/chauffagiste-de-lille.com\/wp-content\/uploads\/2022\/11\/mg13-300x214.jpg 300w\" sizes=\"(max-width: 700px) 100vw, 700px\" \/>\t\t\t\t\t\t\t\t\t\t\t\t\t\t<\/div>\n\t\t\t\t\t\t<\/div>\n\t\t\t\t<\/div>\n\t\t\t\t\t\t<\/div>\n\t\t\t\t\t<\/div>\n\t\t<\/div>\n\t\t\t\t\t\t\t\t<\/div>\n\t\t\t\t\t<\/div>\n\t\t<\/section>\n\t\t\t\t<section class=\"elementor-section elementor-top-section elementor-element elementor-element-363459ea elementor-section-content-middle elementor-section-stretched elementor-reverse-mobile elementor-section-boxed elementor-section-height-default elementor-section-height-default\" data-id=\"363459ea\" data-element_type=\"section\" data-settings=\"{&quot;stretch_section&quot;:&quot;section-stretched&quot;,&quot;background_background&quot;:&quot;classic&quot;}\">\n\t\t\t\t\t\t<div class=\"elementor-container elementor-column-gap-default\">\n\t\t\t\t\t\t\t<div class=\"elementor-row\">\n\t\t\t\t\t<div class=\"elementor-column elementor-col-100 elementor-top-column elementor-element elementor-element-4a65c07d animated-slow\" data-id=\"4a65c07d\" data-element_type=\"column\" data-settings=\"{&quot;animation&quot;:&quot;none&quot;}\">\n\t\t\t<div class=\"elementor-column-wrap elementor-element-populated\">\n\t\t\t\t\t\t\t<div class=\"elementor-widget-wrap\">\n\t\t\t\t\t\t<div class=\"elementor-element elementor-element-23cd51e9 elementor-widget-divider--view-line elementor-widget elementor-widget-divider\" data-id=\"23cd51e9\" data-element_type=\"widget\" data-widget_type=\"divider.default\">\n\t\t\t\t<div class=\"elementor-widget-container\">\n\t\t\t\t\t<div class=\"elementor-divider\">\n\t\t\t<span class=\"elementor-divider-separator\">\n\t\t\t\t\t\t<\/span>\n\t\t<\/div>\n\t\t\t\t<\/div>\n\t\t\t\t<\/div>\n\t\t\t\t<div class=\"elementor-element elementor-element-38f5eccd elementor-widget elementor-widget-text-editor\" data-id=\"38f5eccd\" data-element_type=\"widget\" data-widget_type=\"text-editor.default\">\n\t\t\t\t<div class=\"elementor-widget-container\">\n\t\t\t\t\t\t\t\t<div class=\"elementor-text-editor elementor-clearfix\">\n\t\t\t\t<p>Pour obtenir des renseignements sur les services d\u2019installation et de r\u00e9paration des syst\u00e8mes de climatisation, n\u2019h\u00e9sitez pas \u00e0 nous <a href=\"https:\/\/chauffagiste-de-lille.com\/contact\/#ctn\"><strong>contacter<\/strong> <\/a>au <a href=\"tel:0603186576\"><strong>06.03.18.65.76<\/strong><\/a>.<\/p>\t\t\t\t\t<\/div>\n\t\t\t\t\t\t<\/div>\n\t\t\t\t<\/div>\n\t\t\t\t\t\t<\/div>\n\t\t\t\t\t<\/div>\n\t\t<\/div>\n\t\t\t\t\t\t\t\t<\/div>\n\t\t\t\t\t<\/div>\n\t\t<\/section>\n\t\t\t\t\t\t<\/div>\n\t\t\t\t\t\t<\/div>\n\t\t\t\t\t<\/div>\n\t\t","protected":false},"excerpt":{"rendered":"<p>Optez pour des prestations de qualit\u00e9 dans l\u2019installation de votre climatisation \u00e0 La Chapelle-d&#8217;Armenti\u00e8res Sp\u00e9cialis\u00e9s dans l\u2019installation d\u2019une climatisation \u00e0 La Chapelle-d&#8217;Armenti\u00e8res et ses alentours, nous sommes \u00e0 votre disposition si vous souhaitez mettre en place un syst\u00e8me de climatisation adapt\u00e9 aux contraintes de votre local. S&#8217;appuyant sur le professionnalisme [&hellip;]<\/p>\n","protected":false},"author":29,"featured_media":0,"parent":0,"menu_order":0,"comment_status":"closed","ping_status":"closed","template":"","meta":[],"acf":[],"aioseo_notices":[],"_links":{"self":[{"href":"https:\/\/chauffagiste-de-lille.com\/nov-apijson\/wp\/v2\/pages\/1996"}],"collection":[{"href":"https:\/\/chauffagiste-de-lille.com\/nov-apijson\/wp\/v2\/pages"}],"about":[{"href":"https:\/\/chauffagiste-de-lille.com\/nov-apijson\/wp\/v2\/types\/page"}],"author":[{"embeddable":true,"href":"https:\/\/chauffagiste-de-lille.com\/nov-apijson\/wp\/v2\/users\/29"}],"replies":[{"embeddable":true,"href":"https:\/\/chauffagiste-de-lille.com\/nov-apijson\/wp\/v2\/comments?post=1996"}],"version-history":[{"count":17,"href":"https:\/\/chauffagiste-de-lille.com\/nov-apijson\/wp\/v2\/pages\/1996\/revisions"}],"predecessor-version":[{"id":2551,"href":"https:\/\/chauffagiste-de-lille.com\/nov-apijson\/wp\/v2\/pages\/1996\/revisions\/2551"}],"wp:attachment":[{"href":"https:\/\/chauffagiste-de-lille.com\/nov-apijson\/wp\/v2\/media?parent=1996"}],"curies":[{"name":"wp","href":"https:\/\/api.w.org\/{rel}","templated":true}]}}